{"id":2389,"date":"2020-11-26T12:53:49","date_gmt":"2020-11-26T10:53:49","guid":{"rendered":"https:\/\/schule-an-der-isebek.hamburg.de\/?page_id=2389"},"modified":"2025-03-25T14:31:48","modified_gmt":"2025-03-25T12:31:48","slug":"maerchenkooperation-aelita-musiktheater","status":"publish","type":"page","link":"https:\/\/schule-an-der-isebek.hamburg.de\/?page_id=2389","title":{"rendered":"M\u00e4rchenkooperation AELITA Musiktheater"},"content":{"rendered":"<p><strong>Seit nunmehr 19 Jahren kooperiert das AELITA Musiktheater mit unserer Schule. Alle M\u00e4rchen und Musicals des Theaters sind selbst geschrieben und komponiert. Viele aktive und ehemalige Isebek-Schulkinder spielen in jeder Produktion des Theaters mit! Die Darsteller singen live und werden von einer Band begleitet. Eine tolle Kooperation von Theater und Schule!<\/strong><\/p>\n<p><strong>M\u00e4rchen 2025:&nbsp; Zwergengold&nbsp;<\/strong><\/p>\n<p><img loading=\"lazy\" decoding=\"async\" class=\"\" src=\"https:\/\/aelita-musiktheater.de\/images\/zwergengold\/105.jpg\" width=\"532\" height=\"355\"\/><\/p>\n<p class=\"text-center ae-subtitle lead\">Ein musikalisches Weihnachtsm\u00e4rchen von Sabine Nehmzow<br \/>\nMusik: Marcus Wurlitzer<\/p>\n<p class=\"ae-story-text text-justify\">Im dunklen, magischen Dunkelwald passieren mysteri\u00f6se Dinge. Als der kleinen Wasserelfe ihr unsichtbar machender Haarreifen gestohlen wird und auch noch der unbeschreibliche Schatz der Zwerge, das Zwergengold, in Gefahr ist, werden K\u00f6nig Eisenerz, seine Tochter Mira, die Zwerge, die drei Hexen des Dunkelwaldes und der b\u00f6se Zauberer Rufelias in ein lustiges und spannendes Abenteuer verwickelt!<\/p>\n<p class=\"ae-story-text text-justify\">Was hat Drachin Luna nur mit ihnen vor?<\/p>\n<p>Seid gespannt!<\/p>\n<p>Ab September 2025 gibt es wieder Karten bei Eventim!<\/p>\n<p>&nbsp;<\/p>\n<p><b><span data-contrast=\"auto\">R\u00fcckblick 2024: Der geheimnisvolle Koffer&nbsp;<\/span><\/b><span data-ccp-props=\"{&quot;201341983&quot;:0,&quot;335559739&quot;:160,&quot;335559740&quot;:259}\"> &#8211;&nbsp;<\/span><b><span data-contrast=\"auto\">ein fantastisches Abenteuer<\/span><\/b> <b><span data-contrast=\"auto\">&nbsp;<\/span><\/b><\/p>\n<p><span data-contrast=\"auto\">Tobi lebt mit seiner Mutter allein. Er ist eher \u00e4ngstlich, tr\u00e4umt aber davon mutiger zu sein und einmal ein richtiges Abenteuer zu erleben.&nbsp;<\/span><span data-ccp-props=\"{&quot;201341983&quot;:0,&quot;335559739&quot;:160,&quot;335559740&quot;:259}\">&nbsp;<\/span><\/p>\n<p><span data-contrast=\"auto\">Als er von Schulkameraden wieder einmal verfolgt wird, versteckt er sich in einem gro\u00dfen Koffer, der an einer Bushaltestelle steht.<\/span><span data-ccp-props=\"{&quot;201341983&quot;:0,&quot;335559739&quot;:160,&quot;335559740&quot;:259}\">&nbsp;<\/span><\/p>\n<p><span data-contrast=\"auto\">Damit beginnt ein Abenteuer, wie er es sich in seinen k\u00fchnsten Tr\u00e4umen nicht h\u00e4tte vorstellen k\u00f6nnen.<\/span><span data-ccp-props=\"{&quot;201341983&quot;:0,&quot;335559739&quot;:160,&quot;335559740&quot;:259}\">&nbsp;<\/span><\/p>\n<p><span data-contrast=\"auto\">Wird er die Herausforderungen mit neuen Freunden, verr\u00fcckten Gesch\u00f6pfen und viel Fantasie \u00fcberstehen? Seid gespannt\u2026\u2026<\/span><span data-ccp-props=\"{&quot;201341983&quot;:0,&quot;335559739&quot;:160,&quot;335559740&quot;:259}\">&nbsp;<\/span><\/p>\n<p><span data-contrast=\"auto\">M\u00e4rchen ab 4 Jahren \u2013 Spielzeit ca. 60 Minuten<\/span><span data-ccp-props=\"{&quot;201341983&quot;:0,&quot;335559739&quot;:160,&quot;335559740&quot;:259}\">&nbsp;<\/span><\/p>\n<p><span data-contrast=\"auto\">Musik Manfred und Till Domidian,&nbsp;<\/span><span data-contrast=\"auto\">Buch Sabine Nehmzow<\/span><span data-ccp-props=\"{&quot;201341983&quot;:0,&quot;335559739&quot;:160,&quot;335559740&quot;:259}\">&nbsp;<\/span><\/p>\n<p>Das Kinderbuch ist erschienen im BOD Verlag:&nbsp; <a href=\"https:\/\/buchshop.bod.de\/der-geheimnisvolle-koffer-sabine-nehmzow-9783759704269\">Der geheimnisvolle Koffer<\/a><\/p>\n<p>Illustrationen von Hannah Traue-Jensch.<\/p>\n<p><a href=\"https:\/\/schule-an-der-isebek.hamburg.de\/wp-content\/uploads\/sites\/116\/2024\/02\/Koffer-1.jpg\" data-rel=\"lightbox\" data-rl_title=\"\" data-rl_caption=\"\" title=\"\"><img loading=\"lazy\" decoding=\"async\" class=\"alignnone wp-image-4391\" src=\"https:\/\/schule-an-der-isebek.hamburg.de\/wp-content\/uploads\/sites\/116\/2024\/02\/Koffer-1-150x150.jpg\" alt=\"\" width=\"223\" height=\"223\" srcset=\"https:\/\/schule-an-der-isebek.hamburg.de\/wp-content\/uploads\/sites\/116\/2024\/02\/Koffer-1-150x150.jpg 150w, https:\/\/schule-an-der-isebek.hamburg.de\/wp-content\/uploads\/sites\/116\/2024\/02\/Koffer-1-100x100.jpg 100w\" sizes=\"auto, (max-width: 223px) 100vw, 223px\" \/><\/a><\/p>\n<p><strong><a href=\"http:\/\/www.aelita-musiktheater.de\/#!\/\">www.aelita-musiktheater.de<\/a><\/strong><\/p>\n<p><strong>R\u00fcckblick 2023:<\/strong><\/p>\n<p><a href=\"https:\/\/schule-an-der-isebek.hamburg.de\/wp-content\/uploads\/sites\/116\/2023\/09\/Plakat-Alle-Macht-den-Hexen.jpg\" data-rel=\"lightbox\" data-rl_title=\"\" data-rl_caption=\"\" title=\"\"><img loading=\"lazy\" decoding=\"async\" class=\"alignnone wp-image-4136\" src=\"https:\/\/schule-an-der-isebek.hamburg.de\/wp-content\/uploads\/sites\/116\/2023\/09\/Plakat-Alle-Macht-den-Hexen.jpg\" alt=\"\" width=\"374\" height=\"540\" srcset=\"https:\/\/schule-an-der-isebek.hamburg.de\/wp-content\/uploads\/sites\/116\/2023\/09\/Plakat-Alle-Macht-den-Hexen.jpg 449w, https:\/\/schule-an-der-isebek.hamburg.de\/wp-content\/uploads\/sites\/116\/2023\/09\/Plakat-Alle-Macht-den-Hexen-208x300.jpg 208w\" sizes=\"auto, (max-width: 374px) 100vw, 374px\" \/><\/a>&nbsp;<\/p>\n<div class=\"row ng-scope\">\n<div class=\"col-lg-12\">\n<h5 class=\"text-center ae-title\"><strong>Alle Macht den Hexen<\/strong><\/h5>\n<\/div>\n<\/div>\n<div class=\"row ng-scope\">\n<div class=\"col-lg-12\">\n<ul class=\"nav justify-content-center ae-story-nav\">\n<li class=\"nav-item\"><strong><a class=\"nav-link ae-mobile-nav-padding active\" href=\"http:\/\/www.aelita-musiktheater.de\/#!amdh2023\/story\">Story &amp; Fotos<\/a><\/strong><\/li>\n<\/ul>\n<\/div>\n<\/div>\n<div class=\"row ae-story-content ng-scope\">\n<div class=\"col-lg-1\">&nbsp;<\/div>\n<div class=\"col-lg-10\">\n<div class=\"ae-story-panel\">\n<p class=\"text-center ae-subtitle lead\"><strong>Story&nbsp;<a href=\"http:\/\/www.aelita-musiktheater.de\/#!richard_koch\">Richard Koch<\/a><\/strong><br \/>\n<strong>Musik:&nbsp;<a href=\"http:\/\/www.aelita-musiktheater.de\/#!marcus_wurlitzer\">Marcus Wurlitzer<\/a><\/strong><\/p>\n<p class=\"ae-story-text text-justify\"><strong>Jede Woche trifft sich der Zirkel der Hexen Clothilde, Tulpenstengel und Elsbeth zu Tilbutkeks und K\u00fcmmerkr\u00e4utertee zum Erfahrungsaustausch und um die Neuigkeiten der letzten Zeit auszutauschen. Heute ist alles anders. Chlotilde versp\u00e4tete sich ganz erheblich und kommt mit vielen Einkaufst\u00fcten wieder. Sie hat viele Sonderangebote im neuen Supermarkt von Ikreah erworben und dabei dort ihre ganzen Hexentaler gelassen. Unter ihren Neuerwerbungen befindet sich auch eine elektrische Kristallkugel, die den drei entsetzten Hexen ein schreckliches Geheimnis offenbart: der gro\u00dfe und b\u00f6se Zauberer Rufelias Tookak hat eine Erbschaft gemacht und darunter befinden sich zwei magische Gegenst\u00e4nde von h\u00f6chsten Wert. Ein Wunschring und sage und schreibe, die ber\u00fchmte Wunderlampe von Aladin. Ganz klar, dass Rufelias diese beiden Sachen nicht behalten darf. Er ist ohnehin schon der m\u00e4chtigste Zauberer im Dunkelwald und mit diesen beiden Dingen, w\u00fcrde er die ganze Welt beherrschen k\u00f6nnen. Da w\u00e4re es doch viel besser, wenn die Hexen Ring und Lampe bes\u00e4\u00dfen. Oder?<\/strong><\/p>\n<p><strong>Karten: <a href=\"http:\/\/www.aelita-musiktheater.de\/#!\/karten\">Aelita Musiktheater (aelita-musiktheater.de)<\/a><\/strong><\/p>\n<p>&nbsp;<\/p>\n<p><strong>R\u00dcCKBLICK 2022:<\/strong><\/p>\n<\/div>\n<\/div>\n<\/div>\n<p><strong>Im November 22 freuten wir uns auf ein neues M\u00e4rchen: &#8222;Die Rettung der M\u00e4rchenwelt&#8220; von Antje Willmann und Jens Fox.&nbsp;<\/strong><\/p>\n<p><a href=\"https:\/\/schule-an-der-isebek.hamburg.de\/wp-content\/uploads\/sites\/116\/2022\/12\/DSC09939-scaled.jpg\" data-rel=\"lightbox\" data-rl_title=\"\" data-rl_caption=\"\" title=\"\"><img loading=\"lazy\" decoding=\"async\" class=\"alignnone wp-image-3636 size-large\" src=\"https:\/\/schule-an-der-isebek.hamburg.de\/wp-content\/uploads\/sites\/116\/2022\/12\/DSC09939-1024x683.jpg\" alt=\"\" width=\"525\" height=\"350\" srcset=\"https:\/\/schule-an-der-isebek.hamburg.de\/wp-content\/uploads\/sites\/116\/2022\/12\/DSC09939-1024x683.jpg 1024w, https:\/\/schule-an-der-isebek.hamburg.de\/wp-content\/uploads\/sites\/116\/2022\/12\/DSC09939-300x200.jpg 300w, https:\/\/schule-an-der-isebek.hamburg.de\/wp-content\/uploads\/sites\/116\/2022\/12\/DSC09939-768x512.jpg 768w, https:\/\/schule-an-der-isebek.hamburg.de\/wp-content\/uploads\/sites\/116\/2022\/12\/DSC09939-1536x1024.jpg 1536w, https:\/\/schule-an-der-isebek.hamburg.de\/wp-content\/uploads\/sites\/116\/2022\/12\/DSC09939-2048x1365.jpg 2048w\" sizes=\"auto, (max-width: 525px) 100vw, 525px\" \/><\/a><\/p>\n<p><strong>R\u00dcCKBLICK 2021:<\/strong><\/p>\n<p><strong>Im letzten Jahr f\u00fchrte das Theater mit unseren Schulkindern das M\u00e4rchen &#8222;Die Wunschmuschel&#8220; von Sabine Nehmzow und Manfred Domidian auf. <\/strong><\/p>\n<p><strong>Im Vorjahr gab es aufgrund der Beschr\u00e4nkungen durch Corona statt eines M\u00e4rchens einen Adventskalender sowie ein komplettes H\u00f6rbuch \u201eDas Geheimnis der Wobbse\u201c (Laufzeit 46 Minuten). Ihr findet es unter diesem Link:&nbsp; <a href=\"https:\/\/youtu.be\/TwN3RyH1hwM\">Zum H\u00f6rbuch<\/a><\/strong><\/p>\n<p><iframe loading=\"lazy\" title=\"Das Geheimnis der Wobbse    (H\u00f6rbuch 46 Minuten)\" width=\"525\" height=\"295\" src=\"https:\/\/www.youtube-nocookie.com\/embed\/TwN3RyH1hwM?feature=oembed\" frameborder=\"0\" allow=\"accelerometer; autoplay; clipboard-write; encrypted-media; gyroscope; picture-in-picture; web-share\" referrerpolicy=\"strict-origin-when-cross-origin\" allowfullscreen><\/iframe><\/p>\n<p>&nbsp;<\/p>\n<p><strong>Im Schuljahr 2019\/2020 spielte das AELITA Musiktheater das lustige Weihnachtsm\u00e4rchen &#8222;Hexenzauber&#8220; in Kooperation mit der Schule!&nbsp; <\/strong><\/p>\n<p><strong><a href=\"https:\/\/schule-an-der-isebek.hamburg.de\/wp-content\/uploads\/sites\/116\/2019\/12\/Karte-3.jpg\" data-rel=\"lightbox\" data-rl_title=\"\" data-rl_caption=\"\" title=\"\"><img loading=\"lazy\" decoding=\"async\" class=\"alignnone size-medium wp-image-1757\" src=\"https:\/\/schule-an-der-isebek.hamburg.de\/wp-content\/uploads\/sites\/116\/2019\/12\/Karte-3-300x211.jpg\" alt=\"\" width=\"300\" height=\"211\" srcset=\"https:\/\/schule-an-der-isebek.hamburg.de\/wp-content\/uploads\/sites\/116\/2019\/12\/Karte-3-300x211.jpg 300w, https:\/\/schule-an-der-isebek.hamburg.de\/wp-content\/uploads\/sites\/116\/2019\/12\/Karte-3-768x541.jpg 768w, https:\/\/schule-an-der-isebek.hamburg.de\/wp-content\/uploads\/sites\/116\/2019\/12\/Karte-3-1024x721.jpg 1024w, https:\/\/schule-an-der-isebek.hamburg.de\/wp-content\/uploads\/sites\/116\/2019\/12\/Karte-3.jpg 1111w\" sizes=\"auto, (max-width: 300px) 100vw, 300px\" \/><\/a><\/strong><\/p>\n<p><strong>Im November und Dezember 2018 durften wir unser Weihnachtsm\u00e4rchen \u201eDie Welt hinter dem Spiegel\u201c&nbsp;&nbsp;16 x in ganz Hamburg auff\u00fchren. <\/strong><\/p>\n<p><strong><em>Kurz vor dem Schlafengehen machen Max und Jule eine erstaunliche Entdeckung. Im Spiegel ihres Zimmers entdecken sie eine fremde Welt! Ein mutiger Schritt durch den Spiegel bringt sie in eine Welt voller Abenteuer, fremder und merkw\u00fcrdiger Wesen. Schon bald stellt sich heraus, dass ihr Fund kein Zufall war. Ihre Hilfe wird dringend gebraucht! Nur ihnen kann es gelingen, die H\u00fcterin der Magie aus den F\u00e4ngen einer b\u00f6sen Rugola zu befreien! Von ihnen h\u00e4ngt ab, ob die Welt hinter dem Spiegel im Gleichgewicht bleibt!&nbsp;Abenteuer f\u00fcr Kinder von 4 -10 Jahren &#8211; Story: Sabine Nehmzow, Musik: Marcus Wurlitzer<\/em><\/strong><\/p>\n<p><a href=\"https:\/\/schule-an-der-isebek.hamburg.de\/wp-content\/uploads\/sites\/116\/2019\/01\/IMG_8775.jpg\" data-rel=\"lightbox\" data-rl_title=\"\" data-rl_caption=\"\" title=\"\"><img loading=\"lazy\" decoding=\"async\" class=\"alignnone size-medium wp-image-1328\" src=\"https:\/\/schule-an-der-isebek.hamburg.de\/wp-content\/uploads\/sites\/116\/2019\/01\/IMG_8775-300x200.jpg\" alt=\"\" width=\"300\" height=\"200\" srcset=\"https:\/\/schule-an-der-isebek.hamburg.de\/wp-content\/uploads\/sites\/116\/2019\/01\/IMG_8775-300x200.jpg 300w, https:\/\/schule-an-der-isebek.hamburg.de\/wp-content\/uploads\/sites\/116\/2019\/01\/IMG_8775-768x512.jpg 768w, https:\/\/schule-an-der-isebek.hamburg.de\/wp-content\/uploads\/sites\/116\/2019\/01\/IMG_8775-1024x683.jpg 1024w, https:\/\/schule-an-der-isebek.hamburg.de\/wp-content\/uploads\/sites\/116\/2019\/01\/IMG_8775-272x182.jpg 272w, https:\/\/schule-an-der-isebek.hamburg.de\/wp-content\/uploads\/sites\/116\/2019\/01\/IMG_8775.jpg 2048w\" sizes=\"auto, (max-width: 300px) 100vw, 300px\" \/><\/a><\/p>\n<p><strong>Unter Mitwirkung unserer Schulkinder entstanden im Jahr 2018 erstmals sogar eine zweite B\u00fchnenpremiere. Im September und Oktober spielten wir das Grusical &#8222;Schloss Frankenkiesel&#8220;. Es gab eine tolle Halloween-Vorstellung in unserer Sporthalle!<\/strong><\/p>\n<p><strong><em>Schloss Frankenkiesel: W\u00e4hrend eines Museumsbesuchs im Schloss Frankenkiesel entdecken drei Sch\u00fcler eine&nbsp;&nbsp;geheime Gruft \u2013 und wecken dabei versehentlich den Vampirgrafen Vladimir und seinen neuen Gehilfen Ignaz auf. Bedauerlicher Weise sind die Blutkonserven, von denen sich der friedliche Graf seit geraumer Zeit ern\u00e4hrt, inzwischen abgelaufen. So bleiben den Kindern genau 6 Stunden, um Vladimir etwas zu essen zu besorgen, bevor er zu Staub zerf\u00e4llt \u2013 oder ihm die Museumsw\u00e4rterin Eveline mit einem Holzpflock ans Leder will. Die Zeit l\u00e4uft langsam ab! K\u00f6nnen die Kinder Graf Vladimir retten? Oder w\u00fcrde sich Lehrerin Rosalie vielleicht ausnahmsweise doch bei\u00dfen lassen? Ein humorvolles Grusical f\u00fcr Kinder von 8 bis 88 von&nbsp;Dirk Mehnert<\/em><\/strong><\/p>\n<p><a href=\"https:\/\/schule-an-der-isebek.hamburg.de\/wp-content\/uploads\/sites\/116\/2019\/01\/Frankenkiesel.jpg\" data-rel=\"lightbox\" data-rl_title=\"\" data-rl_caption=\"\" title=\"\"><img loading=\"lazy\" decoding=\"async\" class=\"alignnone size-medium wp-image-1327\" src=\"https:\/\/schule-an-der-isebek.hamburg.de\/wp-content\/uploads\/sites\/116\/2019\/01\/Frankenkiesel-300x270.jpg\" alt=\"\" width=\"300\" height=\"270\" srcset=\"https:\/\/schule-an-der-isebek.hamburg.de\/wp-content\/uploads\/sites\/116\/2019\/01\/Frankenkiesel-300x270.jpg 300w, https:\/\/schule-an-der-isebek.hamburg.de\/wp-content\/uploads\/sites\/116\/2019\/01\/Frankenkiesel.jpg 601w\" sizes=\"auto, (max-width: 300px) 100vw, 300px\" \/><\/a><\/p>\n<p><strong>Weitere M\u00e4rchenr\u00fcckblicke finden sie auf der Homepage des Theaters unter www.aelita-musiktheater.de<\/strong><\/p>\n<p><strong>Infos \u00fcber die St\u00fccke der Autorin Sabine Nehmzow auf: <a href=\"https:\/\/sabinenehmzow.wordpress.com\" target=\"_blank\" rel=\"noopener\">https:\/\/sabinenehmzow.wordpress.com<\/a><\/strong><\/p>\n<p>&nbsp;<\/p>\n<p>&nbsp;<\/p>\n","protected":false},"excerpt":{"rendered":"<p>Seit nunmehr 19 Jahren kooperiert das AELITA Musiktheater mit unserer Schule. Alle M\u00e4rchen und Musicals des Theaters sind selbst geschrieben und komponiert. Viele aktive und ehemalige Isebek-Schulkinder spielen in jeder Produktion des Theaters mit! Die Darsteller singen live und werden von einer Band begleitet. Eine tolle Kooperation von Theater und Schule! M\u00e4rchen 2025:&nbsp; Zwergengold&nbsp; Ein &hellip; <\/p>\n<p class=\"link-more\"><a href=\"https:\/\/schule-an-der-isebek.hamburg.de\/?page_id=2389\" class=\"more-link\"><span class=\"screen-reader-text\">\u201eM\u00e4rchenkooperation AELITA Musiktheater\u201c <\/span>weiterlesen<\/a><\/p>\n","protected":false},"author":1244,"featured_media":4712,"parent":0,"menu_order":0,"comment_status":"closed","ping_status":"closed","template":"","meta":{"_acf_changed":false,"footnotes":""},"class_list":["post-2389","page","type-page","status-publish","has-post-thumbnail","hentry"],"acf":[],"_links":{"self":[{"href":"https:\/\/schule-an-der-isebek.hamburg.de\/index.php?rest_route=\/wp\/v2\/pages\/2389","targetHints":{"allow":["GET"]}}],"collection":[{"href":"https:\/\/schule-an-der-isebek.hamburg.de\/index.php?rest_route=\/wp\/v2\/pages"}],"about":[{"href":"https:\/\/schule-an-der-isebek.hamburg.de\/index.php?rest_route=\/wp\/v2\/types\/page"}],"author":[{"embeddable":true,"href":"https:\/\/schule-an-der-isebek.hamburg.de\/index.php?rest_route=\/wp\/v2\/users\/1244"}],"replies":[{"embeddable":true,"href":"https:\/\/schule-an-der-isebek.hamburg.de\/index.php?rest_route=%2Fwp%2Fv2%2Fcomments&post=2389"}],"version-history":[{"count":21,"href":"https:\/\/schule-an-der-isebek.hamburg.de\/index.php?rest_route=\/wp\/v2\/pages\/2389\/revisions"}],"predecessor-version":[{"id":4923,"href":"https:\/\/schule-an-der-isebek.hamburg.de\/index.php?rest_route=\/wp\/v2\/pages\/2389\/revisions\/4923"}],"wp:featuredmedia":[{"embeddable":true,"href":"https:\/\/schule-an-der-isebek.hamburg.de\/index.php?rest_route=\/wp\/v2\/media\/4712"}],"wp:attachment":[{"href":"https:\/\/schule-an-der-isebek.hamburg.de\/index.php?rest_route=%2Fwp%2Fv2%2Fmedia&parent=2389"}],"curies":[{"name":"wp","href":"https:\/\/api.w.org\/{rel}","templated":true}]}}